{"id":16582,"date":"2025-12-11T09:10:35","date_gmt":"2025-12-11T08:10:35","guid":{"rendered":"http:\/\/www.furninova.com\/sv\/?page_id=5"},"modified":"2026-04-27T09:06:40","modified_gmt":"2026-04-27T07:06:40","slug":"hem-for-skandinaviska-soffor","status":"publish","type":"page","link":"https:\/\/furninova.com\/sv\/","title":{"rendered":"Start"},"content":{"rendered":"<div class='slider'><div class='carousel-cell'><a href='https:\/\/furninova.com\/sv\/products\/soffor\/petito-avtagbar-kladsel\/'><img src='https:\/\/assets.furninova.com\/sites\/2\/2026\/03\/Petito_country-house-women-i-conversation_1920X13152.jpg'><h2>Petito<\/h2><\/a><\/div><div class='carousel-cell'><a href='https:\/\/flipbooks.furninova.com\/books\/Selection-2026\/'><img src='https:\/\/assets.furninova.com\/sites\/2\/2026\/04\/Passion-catalogue-scaled.jpg'><h2>L\u00e4s v\u00e5r nya katalog<\/h2><\/a><\/div><div class='carousel-cell'><a href='https:\/\/www.furninova.com\/sv\/products\/soffor\/'><img src='https:\/\/assets.furninova.com\/sites\/2\/2023\/05\/Vesta_Round-1920x1315-1.jpg'><h2>V\u00e5ra soffor<\/h2><\/a><\/div><div class='carousel-cell'><a href='https:\/\/www.furninova.com\/sv\/kataloger\/'><img src='https:\/\/assets.furninova.com\/sites\/2\/2021\/06\/Catalogues-scaled-1.jpg'><h2>L\u00e4s v\u00e5ra kataloger<\/h2><\/a><\/div><\/div>\n\n\n<div class=\"wp-block-columns is-layout-flex wp-container-core-columns-is-layout-1 wp-block-columns-is-layout-flex\">\n<div class=\"wp-block-column is-layout-flow wp-block-column-is-layout-flow\" style=\"flex-basis:66.66%\">\n<figure class=\"wp-block-image size-large\"><a href=\"https:\/\/vimeo.com\/830528019\" target=\"_blank\" rel=\"noreferrer noopener\"><img loading=\"lazy\" decoding=\"async\" width=\"1500\" height=\"1028\" src=\"https:\/\/furninova.com\/sv\/wp-content\/uploads\/sites\/2\/2023\/06\/Thumb-video-IMM-1920x1315-1-1500x1028.jpg\" alt=\"\" class=\"wp-image-29042\" srcset=\"https:\/\/assets.furninova.com\/sites\/2\/2023\/06\/Thumb-video-IMM-1920x1315-1-1500x1028.jpg 1500w, https:\/\/assets.furninova.com\/sites\/2\/2023\/06\/Thumb-video-IMM-1920x1315-1-1000x685.jpg 1000w, https:\/\/assets.furninova.com\/sites\/2\/2023\/06\/Thumb-video-IMM-1920x1315-1-400x274.jpg 400w, https:\/\/assets.furninova.com\/sites\/2\/2023\/06\/Thumb-video-IMM-1920x1315-1-768x526.jpg 768w, https:\/\/assets.furninova.com\/sites\/2\/2023\/06\/Thumb-video-IMM-1920x1315-1-1536x1053.jpg 1536w, https:\/\/assets.furninova.com\/sites\/2\/2023\/06\/Thumb-video-IMM-1920x1315-1.jpg 1920w\" sizes=\"auto, (max-width: 1500px) 100vw, 1500px\" \/><\/a><\/figure>\n\n\n\n<h2 class=\"wp-block-heading has-text-align-center\"><a href=\"https:\/\/vimeo.com\/830528019\" target=\"_blank\" rel=\"noreferrer noopener\">L\u00e4r dig mer om hantverket bakom v\u00e5ra produkter<\/a><\/h2>\n\n\n\n<p class=\"has-text-align-center has-small-font-size\">Vi dyker in i Furninovas v\u00e4rld, d\u00e4r h\u00e5llbar produktion m\u00f6ter hantverk. I den h\u00e4r f\u00e4ngslande videon tar vi dig bakom kulisserna i v\u00e5r effektiva produktionslinje och visar dig exakt hur en fantastisk soffa kommer till liv.<\/p>\n<\/div>\n\n\n\n<div class=\"wp-block-column is-layout-flow wp-block-column-is-layout-flow\" style=\"flex-basis:33.33%\">\n<figure class=\"wp-block-image size-full\"><a href=\"https:\/\/furninova.com\/sv\/products\/soffor\/samba-double-day-std-special-2\/\"><img loading=\"lazy\" decoding=\"async\" width=\"908\" height=\"1240\" src=\"https:\/\/furninova.com\/app\/uploads\/sites\/2\/2024\/08\/Samba-3-Seater-3D-908x1240-1.jpg\" alt=\"\" class=\"wp-image-29252\" srcset=\"https:\/\/assets.furninova.com\/sites\/2\/2024\/08\/Samba-3-Seater-3D-908x1240-1.jpg 908w, https:\/\/assets.furninova.com\/sites\/2\/2024\/08\/Samba-3-Seater-3D-908x1240-1-732x1000.jpg 732w, https:\/\/assets.furninova.com\/sites\/2\/2024\/08\/Samba-3-Seater-3D-908x1240-1-293x400.jpg 293w, https:\/\/assets.furninova.com\/sites\/2\/2024\/08\/Samba-3-Seater-3D-908x1240-1-768x1049.jpg 768w\" sizes=\"auto, (max-width: 908px) 100vw, 908px\" \/><\/a><\/figure>\n\n\n\n<h2 class=\"wp-block-heading has-text-align-center\" id=\"h-samba\"><a href=\"https:\/\/furninova.com\/sv\/products\/soffor\/samba-double-day-std-special-2\/\">Samba<\/a><\/h2>\n\n\n\n<p class=\"has-text-align-center has-small-font-size\">Samba \u00e4r en naturlig plats f\u00f6r vila och umg\u00e4nge oavsett milj\u00f6 den \u00e4r placerad i. Samba kan best\u00e4llas i 3 olika ryggkuddar och med 5 olika armst\u00f6d f\u00f6r att passa din stil fullt ut.<\/p>\n<\/div>\n<\/div>\n\n\n\n<div class=\"wp-block-columns is-layout-flex wp-container-core-columns-is-layout-2 wp-block-columns-is-layout-flex\">\n<div class=\"wp-block-column is-layout-flow wp-block-column-is-layout-flow\"><\/div>\n<\/div>\n\n\n\n<div class=\"wp-block-columns is-layout-flex wp-container-core-columns-is-layout-3 wp-block-columns-is-layout-flex\">\n<div class=\"wp-block-column is-layout-flow wp-block-column-is-layout-flow\">\n<figure class=\"wp-block-image size-full\"><a href=\"https:\/\/furninova.com\/sv\/products\/matstolar\/\"><img loading=\"lazy\" decoding=\"async\" width=\"908\" height=\"1240\" src=\"https:\/\/furninova.com\/app\/uploads\/sites\/2\/2022\/06\/Paloma-Dining-Chairs-vertical-908x1240-1.jpg\" alt=\"\" class=\"wp-image-24961\" srcset=\"https:\/\/assets.furninova.com\/sites\/2\/2022\/06\/Paloma-Dining-Chairs-vertical-908x1240-1.jpg 908w, https:\/\/assets.furninova.com\/sites\/2\/2022\/06\/Paloma-Dining-Chairs-vertical-908x1240-1-732x1000.jpg 732w, https:\/\/assets.furninova.com\/sites\/2\/2022\/06\/Paloma-Dining-Chairs-vertical-908x1240-1-293x400.jpg 293w, https:\/\/assets.furninova.com\/sites\/2\/2022\/06\/Paloma-Dining-Chairs-vertical-908x1240-1-768x1049.jpg 768w\" sizes=\"auto, (max-width: 908px) 100vw, 908px\" \/><\/a><\/figure>\n\n\n\n<h2 class=\"wp-block-heading has-text-align-center\" id=\"h-matstolar\"><a href=\"https:\/\/www.furninova.com\/sv\/products\/matstolar\/\">Matstolar<\/a><\/h2>\n\n\n\n<p class=\"has-text-align-center\">Matstolar skapar plats f\u00f6r att umg\u00e5s. Fr\u00e5n livliga familjemiddagar till n\u00e4ra samtal f\u00f6renar de komfort med design.<\/p>\n<\/div>\n\n\n\n<div class=\"wp-block-column is-layout-flow wp-block-column-is-layout-flow\">\n<figure class=\"wp-block-image size-large\"><a href=\"https:\/\/www.furninova.com\/sv\/products\/soffor\/\"><img loading=\"lazy\" decoding=\"async\" width=\"908\" height=\"1240\" src=\"https:\/\/furninova.com\/sv\/wp-content\/uploads\/sites\/2\/2022\/06\/Grande-FC_Day-Cushions-908x1240-1.jpg\" alt=\"\" class=\"wp-image-24947\" srcset=\"https:\/\/assets.furninova.com\/sites\/2\/2022\/06\/Grande-FC_Day-Cushions-908x1240-1.jpg 908w, https:\/\/assets.furninova.com\/sites\/2\/2022\/06\/Grande-FC_Day-Cushions-908x1240-1-732x1000.jpg 732w, https:\/\/assets.furninova.com\/sites\/2\/2022\/06\/Grande-FC_Day-Cushions-908x1240-1-293x400.jpg 293w, https:\/\/assets.furninova.com\/sites\/2\/2022\/06\/Grande-FC_Day-Cushions-908x1240-1-768x1049.jpg 768w\" sizes=\"auto, (max-width: 908px) 100vw, 908px\" \/><\/a><\/figure>\n\n\n\n<h2 class=\"wp-block-heading has-text-align-center\" id=\"h-soffor\"><a href=\"https:\/\/www.furninova.com\/sv\/products\/soffor\/\">Soffor<\/a><\/h2>\n\n\n\n<p class=\"has-text-align-center\">En soffa \u00e4r ofta \u00e4r mittpunkten i m\u00e4nniskors liv. En soffa av god kvalitet h\u00e5ller l\u00e4nge och blir en del av de minnen den hj\u00e4lper till att skapa.<\/p>\n<\/div>\n\n\n\n<div class=\"wp-block-column is-layout-flow wp-block-column-is-layout-flow\">\n<figure class=\"wp-block-image size-full\"><a href=\"https:\/\/furninova.com\/sv\/products\/fatoljer\/\"><img loading=\"lazy\" decoding=\"async\" width=\"908\" height=\"1240\" src=\"https:\/\/furninova.com\/app\/uploads\/sites\/2\/2024\/08\/Ava-armchair-908x1240-1.jpg\" alt=\"\" class=\"wp-image-29254\" srcset=\"https:\/\/assets.furninova.com\/sites\/2\/2024\/08\/Ava-armchair-908x1240-1.jpg 908w, https:\/\/assets.furninova.com\/sites\/2\/2024\/08\/Ava-armchair-908x1240-1-732x1000.jpg 732w, https:\/\/assets.furninova.com\/sites\/2\/2024\/08\/Ava-armchair-908x1240-1-293x400.jpg 293w, https:\/\/assets.furninova.com\/sites\/2\/2024\/08\/Ava-armchair-908x1240-1-768x1049.jpg 768w\" sizes=\"auto, (max-width: 908px) 100vw, 908px\" \/><\/a><\/figure>\n\n\n\n<h2 class=\"wp-block-heading has-text-align-center\" id=\"h-fatoljer\"><a href=\"https:\/\/furninova.com\/sv\/products\/fatoljer\/\">F\u00e5t\u00f6ljer<\/a><\/h2>\n\n\n\n<p class=\"has-text-align-center\">F\u00e5t\u00f6ljer \u00e4r f\u00f6r dem som uppskattar livets stilla stunder och vill ha det d\u00e4r lilla extra i komfort. En bra f\u00e5t\u00f6lj f\u00f6renar bekv\u00e4mlighet och design.<\/p>\n<\/div>\n\n\n\n<div class=\"wp-block-column is-layout-flow wp-block-column-is-layout-flow\">\n<figure class=\"wp-block-image size-large\"><a href=\"https:\/\/furninova.com\/sv\/products\/sangar\/\"><img loading=\"lazy\" decoding=\"async\" width=\"750\" height=\"1024\" src=\"https:\/\/furninova.com\/sv\/wp-content\/uploads\/sites\/2\/2021\/05\/Mario-Bed_vertical-750x1024.jpg\" alt=\"\" class=\"wp-image-3714\" srcset=\"https:\/\/assets.furninova.com\/sites\/2\/2021\/05\/Mario-Bed_vertical-750x1024.jpg 750w, https:\/\/assets.furninova.com\/sites\/2\/2021\/05\/Mario-Bed_vertical-220x300.jpg 220w, https:\/\/assets.furninova.com\/sites\/2\/2021\/05\/Mario-Bed_vertical-768x1049.jpg 768w, https:\/\/assets.furninova.com\/sites\/2\/2021\/05\/Mario-Bed_vertical.jpg 908w\" sizes=\"auto, (max-width: 750px) 100vw, 750px\" \/><\/a><\/figure>\n\n\n\n<h2 class=\"wp-block-heading has-text-align-center\" id=\"h-sangar\"><a href=\"https:\/\/furninova.com\/sv\/products\/sangar\/\">S\u00e4ngar<\/a><\/h2>\n\n\n\n<p class=\"has-text-align-center\">V\u00e5ra s\u00e4ngar kombinerar komfort och funktion samtidigt som de \u00e4r sovrummets vackra mittpunkt f\u00f6r b\u00e5de stil och \u00e5terh\u00e4mtning.<br><\/p>\n<\/div>\n<\/div>\n","protected":false},"excerpt":{"rendered":"<p>L\u00e4r dig mer om hantverket bakom v\u00e5ra produkter Vi dyker in i Furninovas v\u00e4rld, d\u00e4r h\u00e5llbar produktion m\u00f6ter hantverk. I den h\u00e4r f\u00e4ngslande videon tar vi dig bakom kulisserna i v\u00e5r effektiva produktionslinje och visar dig exakt hur en fantastisk soffa kommer till liv. Samba Samba \u00e4r en naturlig plats f\u00f6r vila och umg\u00e4nge oavsett [&hellip;]<\/p>\n","protected":false},"author":3,"featured_media":29395,"parent":0,"menu_order":0,"comment_status":"closed","ping_status":"closed","template":"tpl-start.php","meta":{"_acf_changed":false,"footnotes":""},"class_list":["post-16582","page","type-page","status-publish","has-post-thumbnail","hentry"],"acf":[],"yoast_head":"<!-- This site is optimized with the Yoast SEO Premium plugin v22.3 (Yoast SEO v24.4) - https:\/\/yoast.com\/wordpress\/plugins\/seo\/ -->\n<title>Furninova | Hem f\u00f6r Skandinaviska soffor &amp; stoppade m\u00f6bler<\/title>\n<meta name=\"description\" content=\"Hem f\u00f6r Skandinaviska soffor &amp; stoppade m\u00f6bler. Vi hyllar dina individuella val genom att handtillverka alla v\u00e5ra m\u00f6bler i v\u00e5r europeiska fabrik.\" \/>\n<meta name=\"robots\" content=\"index, follow, max-snippet:-1, max-image-preview:large, max-video-preview:-1\" \/>\n<link rel=\"canonical\" href=\"https:\/\/furninova.com\/sv\/\" \/>\n<meta property=\"og:locale\" content=\"sv_SE\" \/>\n<meta property=\"og:type\" content=\"article\" \/>\n<meta property=\"og:title\" content=\"Furninova Home to Scandinavian Sofas\" \/>\n<meta property=\"og:description\" content=\"We celebrate your individual choices by custom building all of our furniture at our European factory.\" \/>\n<meta property=\"og:url\" content=\"https:\/\/furninova.com\/sv\/\" \/>\n<meta property=\"og:site_name\" content=\"Furninova\" \/>\n<meta property=\"article:publisher\" content=\"https:\/\/www.facebook.com\/furninovaab\" \/>\n<meta property=\"article:modified_time\" content=\"2026-04-27T07:06:40+00:00\" \/>\n<meta property=\"og:image\" content=\"https:\/\/furninova.com\/app\/uploads\/sites\/2\/2021\/05\/Samba-Rio-Chl-round-Dolce-Mole.jpg\" \/>\n\t<meta property=\"og:image:width\" content=\"1958\" \/>\n\t<meta property=\"og:image:height\" content=\"1220\" \/>\n\t<meta property=\"og:image:type\" content=\"image\/jpeg\" \/>\n<meta name=\"twitter:card\" content=\"summary_large_image\" \/>\n<meta name=\"twitter:title\" content=\"Start\" \/>\n<meta name=\"twitter:label1\" content=\"Ber\u00e4knad l\u00e4stid\" \/>\n\t<meta name=\"twitter:data1\" content=\"3 minuter\" \/>\n<script type=\"application\/ld+json\" class=\"yoast-schema-graph\">{\"@context\":\"https:\/\/schema.org\",\"@graph\":[{\"@type\":\"WebPage\",\"@id\":\"https:\/\/furninova.com\/sv\/\",\"url\":\"https:\/\/furninova.com\/sv\/\",\"name\":\"Furninova | Hem f\u00f6r Skandinaviska soffor & stoppade m\u00f6bler\",\"isPartOf\":{\"@id\":\"https:\/\/furninova.com\/sv\/#website\"},\"primaryImageOfPage\":{\"@id\":\"https:\/\/furninova.com\/sv\/#primaryimage\"},\"image\":{\"@id\":\"https:\/\/furninova.com\/sv\/#primaryimage\"},\"thumbnailUrl\":\"https:\/\/assets.furninova.com\/sites\/2\/2025\/04\/Moonlight-2458x1438-hero.jpg\",\"datePublished\":\"2025-12-11T08:10:35+00:00\",\"dateModified\":\"2026-04-27T07:06:40+00:00\",\"description\":\"Hem f\u00f6r Skandinaviska soffor & stoppade m\u00f6bler. Vi hyllar dina individuella val genom att handtillverka alla v\u00e5ra m\u00f6bler i v\u00e5r europeiska fabrik.\",\"breadcrumb\":{\"@id\":\"https:\/\/furninova.com\/sv\/#breadcrumb\"},\"inLanguage\":\"sv-SE\",\"potentialAction\":[{\"@type\":\"ReadAction\",\"target\":[\"https:\/\/furninova.com\/sv\/\"]}]},{\"@type\":\"ImageObject\",\"inLanguage\":\"sv-SE\",\"@id\":\"https:\/\/furninova.com\/sv\/#primaryimage\",\"url\":\"https:\/\/assets.furninova.com\/sites\/2\/2025\/04\/Moonlight-2458x1438-hero.jpg\",\"contentUrl\":\"https:\/\/assets.furninova.com\/sites\/2\/2025\/04\/Moonlight-2458x1438-hero.jpg\",\"width\":2458,\"height\":1438},{\"@type\":\"BreadcrumbList\",\"@id\":\"https:\/\/furninova.com\/sv\/#breadcrumb\",\"itemListElement\":[{\"@type\":\"ListItem\",\"position\":1,\"name\":\"Home\",\"item\":\"https:\/\/furninova.com\/sv\/\"},{\"@type\":\"ListItem\",\"position\":2,\"name\":\"Start\"}]},{\"@type\":\"WebSite\",\"@id\":\"https:\/\/furninova.com\/sv\/#website\",\"url\":\"https:\/\/furninova.com\/sv\/\",\"name\":\"Furninova\",\"description\":\"\u00c4nnu en webbplats hos Furninova\",\"publisher\":{\"@id\":\"https:\/\/furninova.com\/sv\/#organization\"},\"potentialAction\":[{\"@type\":\"SearchAction\",\"target\":{\"@type\":\"EntryPoint\",\"urlTemplate\":\"https:\/\/furninova.com\/sv\/?s={search_term_string}\"},\"query-input\":{\"@type\":\"PropertyValueSpecification\",\"valueRequired\":true,\"valueName\":\"search_term_string\"}}],\"inLanguage\":\"sv-SE\"},{\"@type\":\"Organization\",\"@id\":\"https:\/\/furninova.com\/sv\/#organization\",\"name\":\"Furninova AB\",\"url\":\"https:\/\/furninova.com\/sv\/\",\"logo\":{\"@type\":\"ImageObject\",\"inLanguage\":\"sv-SE\",\"@id\":\"https:\/\/furninova.com\/sv\/#\/schema\/logo\/image\/\",\"url\":\"https:\/\/furninova.com\/sv\/wp-content\/uploads\/sites\/2\/2021\/03\/furninova-logotype-bottom.png\",\"contentUrl\":\"https:\/\/furninova.com\/sv\/wp-content\/uploads\/sites\/2\/2021\/03\/furninova-logotype-bottom.png\",\"width\":387,\"height\":219,\"caption\":\"Furninova AB\"},\"image\":{\"@id\":\"https:\/\/furninova.com\/sv\/#\/schema\/logo\/image\/\"},\"sameAs\":[\"https:\/\/www.facebook.com\/furninovaab\",\"https:\/\/www.instagram.com\/furninovaab\/\",\"https:\/\/www.linkedin.com\/company\/furninova-ab\"]}]}<\/script>\n<!-- \/ Yoast SEO Premium plugin. -->","yoast_head_json":{"title":"Furninova | Hem f\u00f6r Skandinaviska soffor & stoppade m\u00f6bler","description":"Hem f\u00f6r Skandinaviska soffor & stoppade m\u00f6bler. Vi hyllar dina individuella val genom att handtillverka alla v\u00e5ra m\u00f6bler i v\u00e5r europeiska fabrik.","robots":{"index":"index","follow":"follow","max-snippet":"max-snippet:-1","max-image-preview":"max-image-preview:large","max-video-preview":"max-video-preview:-1"},"canonical":"https:\/\/furninova.com\/sv\/","og_locale":"sv_SE","og_type":"article","og_title":"Furninova Home to Scandinavian Sofas","og_description":"We celebrate your individual choices by custom building all of our furniture at our European factory.","og_url":"https:\/\/furninova.com\/sv\/","og_site_name":"Furninova","article_publisher":"https:\/\/www.facebook.com\/furninovaab","article_modified_time":"2026-04-27T07:06:40+00:00","og_image":[{"width":1958,"height":1220,"url":"https:\/\/furninova.com\/app\/uploads\/sites\/2\/2021\/05\/Samba-Rio-Chl-round-Dolce-Mole.jpg","type":"image\/jpeg"}],"twitter_card":"summary_large_image","twitter_title":"Start","twitter_misc":{"Ber\u00e4knad l\u00e4stid":"3 minuter"},"schema":{"@context":"https:\/\/schema.org","@graph":[{"@type":"WebPage","@id":"https:\/\/furninova.com\/sv\/","url":"https:\/\/furninova.com\/sv\/","name":"Furninova | Hem f\u00f6r Skandinaviska soffor & stoppade m\u00f6bler","isPartOf":{"@id":"https:\/\/furninova.com\/sv\/#website"},"primaryImageOfPage":{"@id":"https:\/\/furninova.com\/sv\/#primaryimage"},"image":{"@id":"https:\/\/furninova.com\/sv\/#primaryimage"},"thumbnailUrl":"https:\/\/assets.furninova.com\/sites\/2\/2025\/04\/Moonlight-2458x1438-hero.jpg","datePublished":"2025-12-11T08:10:35+00:00","dateModified":"2026-04-27T07:06:40+00:00","description":"Hem f\u00f6r Skandinaviska soffor & stoppade m\u00f6bler. Vi hyllar dina individuella val genom att handtillverka alla v\u00e5ra m\u00f6bler i v\u00e5r europeiska fabrik.","breadcrumb":{"@id":"https:\/\/furninova.com\/sv\/#breadcrumb"},"inLanguage":"sv-SE","potentialAction":[{"@type":"ReadAction","target":["https:\/\/furninova.com\/sv\/"]}]},{"@type":"ImageObject","inLanguage":"sv-SE","@id":"https:\/\/furninova.com\/sv\/#primaryimage","url":"https:\/\/assets.furninova.com\/sites\/2\/2025\/04\/Moonlight-2458x1438-hero.jpg","contentUrl":"https:\/\/assets.furninova.com\/sites\/2\/2025\/04\/Moonlight-2458x1438-hero.jpg","width":2458,"height":1438},{"@type":"BreadcrumbList","@id":"https:\/\/furninova.com\/sv\/#breadcrumb","itemListElement":[{"@type":"ListItem","position":1,"name":"Home","item":"https:\/\/furninova.com\/sv\/"},{"@type":"ListItem","position":2,"name":"Start"}]},{"@type":"WebSite","@id":"https:\/\/furninova.com\/sv\/#website","url":"https:\/\/furninova.com\/sv\/","name":"Furninova","description":"\u00c4nnu en webbplats hos Furninova","publisher":{"@id":"https:\/\/furninova.com\/sv\/#organization"},"potentialAction":[{"@type":"SearchAction","target":{"@type":"EntryPoint","urlTemplate":"https:\/\/furninova.com\/sv\/?s={search_term_string}"},"query-input":{"@type":"PropertyValueSpecification","valueRequired":true,"valueName":"search_term_string"}}],"inLanguage":"sv-SE"},{"@type":"Organization","@id":"https:\/\/furninova.com\/sv\/#organization","name":"Furninova AB","url":"https:\/\/furninova.com\/sv\/","logo":{"@type":"ImageObject","inLanguage":"sv-SE","@id":"https:\/\/furninova.com\/sv\/#\/schema\/logo\/image\/","url":"https:\/\/furninova.com\/sv\/wp-content\/uploads\/sites\/2\/2021\/03\/furninova-logotype-bottom.png","contentUrl":"https:\/\/furninova.com\/sv\/wp-content\/uploads\/sites\/2\/2021\/03\/furninova-logotype-bottom.png","width":387,"height":219,"caption":"Furninova AB"},"image":{"@id":"https:\/\/furninova.com\/sv\/#\/schema\/logo\/image\/"},"sameAs":["https:\/\/www.facebook.com\/furninovaab","https:\/\/www.instagram.com\/furninovaab\/","https:\/\/www.linkedin.com\/company\/furninova-ab"]}]}},"_links":{"self":[{"href":"https:\/\/furninova.com\/sv\/wp-json\/wp\/v2\/pages\/16582","targetHints":{"allow":["GET"]}}],"collection":[{"href":"https:\/\/furninova.com\/sv\/wp-json\/wp\/v2\/pages"}],"about":[{"href":"https:\/\/furninova.com\/sv\/wp-json\/wp\/v2\/types\/page"}],"author":[{"embeddable":true,"href":"https:\/\/furninova.com\/sv\/wp-json\/wp\/v2\/users\/3"}],"replies":[{"embeddable":true,"href":"https:\/\/furninova.com\/sv\/wp-json\/wp\/v2\/comments?post=16582"}],"version-history":[{"count":130,"href":"https:\/\/furninova.com\/sv\/wp-json\/wp\/v2\/pages\/16582\/revisions"}],"predecessor-version":[{"id":29507,"href":"https:\/\/furninova.com\/sv\/wp-json\/wp\/v2\/pages\/16582\/revisions\/29507"}],"wp:featuredmedia":[{"embeddable":true,"href":"https:\/\/furninova.com\/sv\/wp-json\/wp\/v2\/media\/29395"}],"wp:attachment":[{"href":"https:\/\/furninova.com\/sv\/wp-json\/wp\/v2\/media?parent=16582"}],"curies":[{"name":"wp","href":"https:\/\/api.w.org\/{rel}","templated":true}]}}